{"id":310,"date":"2024-06-25T08:41:18","date_gmt":"2024-06-25T08:41:18","guid":{"rendered":"https:\/\/bandimegoldja.hu\/?page_id=310"},"modified":"2024-07-31T14:21:04","modified_gmt":"2024-07-31T14:21:04","slug":"megrendeles-menete","status":"publish","type":"page","link":"https:\/\/bandimegoldja.hu\/?page_id=310","title":{"rendered":"Megrendel\u00e9s menete"},"content":{"rendered":"\n<p class=\"has-black-color has-text-color has-link-color wp-elements-1 wp-block-paragraph\">Amennyiben van elk\u00e9pzel\u00e9se r\u00f3la milyen munk\u00e1ra van sz\u00fcks\u00e9ge, keressen meg telefonon \u00e9s egyeztess\u00fcnk id\u0151pontot egy szem\u00e9lyes munkafelm\u00e9r\u00e9sre<strong>*<\/strong>.<\/p>\n\n\n\n<ol class=\"wp-block-list\">\n<li><strong>A felm\u00e9r\u00e9s sor\u00e1n<\/strong> megbesz\u00e9lj\u00fck mit szeretne? \u00d6tleteket \u00e9s javaslatokat fogok adni, amiket nem k\u00f6telez\u0151 elfogadnia. K\u00e9rdezzen nyugodtan ! Besz\u00e9lj\u00fcnk \u00e1t mindent, amit lehet. Amennyiben fix \u00f6sszeget k\u00edv\u00e1n a munk\u00e1ra sz\u00e1nni k\u00e9rem besz\u00e9lj\u00fcnk mit \u00e9rdemes \u00e9s mi nem.** <\/li>\n\n\n\n<li>A felm\u00e9r\u00e9s ut\u00e1n <strong>\u00e1raj\u00e1nlatot k\u00e9sz\u00edtek<\/strong>, amit \u00d6n e-mailben meg fog kapni. Ebben benne lesz, hogy milyen munk\u00e1t, milyen \u00f6sszeg\u00e9rt \u00e9s milyen kezd\u00e9si id\u0151ponttal, hat\u00e1rid\u0151vel v\u00e1llalom. Itt az \u00e1r tekintet\u00e9ben 2 f\u00e9le opci\u00f3 van. Az \u00e1r tartalmazhatja az anyag \u00e1r\u00e1t is, ebben az esetben mindenr\u0151l sz\u00e1ml\u00e1t hozok a k\u00e9rt n\u00e9vre, vagy \u00d6n is beszerezheti az anyagot, viszont ebben az esetben meg kell besz\u00e9ln\u00fcnk pontosan milyen anyagra van sz\u00fcks\u00e9gem \u00e9s mikorra. M\u00e1rk\u00e1t, fajt\u00e1t \u00e9s t\u00edpust is megadok mivel egy roszabb min\u0151s\u00e9g\u0171 anyaggal nem lehet azonos munk\u00e1t v\u00e9gezni. Amennyiben nem \u00e9rkezik meg a munk\u00e1hoz sz\u00fcks\u00e9ges anyag az adott napra napid\u00edjat fogok felsz\u00e1molni. Ha teheti ink\u00e1bb b\u00edzza r\u00e1m az anyag beszerz\u00e9st!<\/li>\n\n\n\n<li>Amennyiben <strong>elfogadja az \u00e1raj\u00e1nlatot k\u00e9rem \u00edr\u00e1sban jelezzen vissza<\/strong> \u00e9s besz\u00e9lj\u00fcnk meg egy kezd\u00e9si napot.<\/li>\n\n\n\n<li><strong>A kezd\u00e9s napj\u00e1n<\/strong> hivatalos (lepecs\u00e9telt) \u00e1raj\u00e1nlattal \u00e9s szerz\u0151d\u00e9ssel \u00e9rkezem 2 p\u00e9d\u00e1nyban. Ez a megbesz\u00e9lt t\u00e9teleket \u00e9s \u00f6sszegeket fogja tartalmazni, de K\u00c9REM N\u00c9ZZE \u00c1T ! <\/li>\n\n\n\n<li>Amennyiben megfelel al\u00e1\u00edrja, \u00e9s a <strong>munkad\u00edj 30%-a megfizet\u00e9se ut\u00e1n<\/strong> nekikezdek a munk\u00e1nak.<\/li>\n\n\n\n<li><strong>A fizet\u00e9s \u00fctemez\u00e9se<\/strong> az elk\u00e9sz\u00fclts\u00e9gi fokkal ar\u00e1nyos. Az utols\u00f3 fennmarad\u00f3 r\u00e9szlet a munka v\u00e9gs\u0151 \u00e1tad\u00e1s-\u00e1tv\u00e9telkor esed\u00e9kes.<\/li>\n\n\n\n<li>Az utols\u00f3 r\u00e9szlet kifizet\u00e9sekor, elpakolok, feltakar\u00edtok, levonulok \u00e9s <strong>elk\u00e9sz\u00edtem az online sz\u00e1ml\u00e1t<\/strong>, amit e-mailben fog megkapni. <\/li>\n<\/ol>\n\n\n\n<p class=\"has-vivid-red-color has-text-color has-link-color wp-elements-2 wp-block-paragraph\" style=\"font-size:15px\">Rem\u00e9lem hamarosan el\u00e9gedett \u00fcgyfeleim k\u00f6z\u00f6tt tudhatom !<\/p>\n\n\n\n<p class=\"has-small-font-size wp-block-paragraph\"><strong>*<\/strong> Budapest XV.kerben 5000Ft a felm\u00e9r\u00e9s d\u00edja, ami levon\u00f3dik a munkad\u00edjb\u00f3l, amennyiben \u00e9n csin\u00e1lom a munk\u00e1t. T\u00e1volabbi ker\u00fcletekben ez 10.000Ft egy\u00e9b esetekben egyedi aj\u00e1nlatot adok.<\/p>\n\n\n\n<p class=\"has-small-font-size wp-block-paragraph\">** Ha t\u00f6bb k\u00f6rben kell apr\u00f3bb munk\u00e1k\u00e9rt odamennem t\u00f6bbe fog ker\u00fclni, mintha egyben meg tudn\u00e1m csin\u00e1lni. &#8222;Egy szoba fest\u00e9se (ar\u00e1nyaiban) t\u00f6bbe ker\u00fcl, mint 2 szob\u00e1\u00e9&#8221;.<\/p>\n","protected":false},"excerpt":{"rendered":"<p>Amennyiben van elk\u00e9pzel\u00e9se r\u00f3la milyen munk\u00e1ra van sz\u00fcks\u00e9ge, keressen meg telefonon \u00e9s egyeztess\u00fcnk id\u0151pontot egy szem\u00e9lyes munkafelm\u00e9r\u00e9sre*. Rem\u00e9lem hamarosan el\u00e9gedett \u00fcgyfeleim k\u00f6z\u00f6tt tudhatom ! * Budapest XV.kerben 5000Ft a felm\u00e9r\u00e9s d\u00edja, ami levon\u00f3dik a munkad\u00edjb\u00f3l, amennyiben \u00e9n csin\u00e1lom a munk\u00e1t. T\u00e1volabbi ker\u00fcletekben ez 10.000Ft egy\u00e9b esetekben egyedi aj\u00e1nlatot adok. ** Ha t\u00f6bb k\u00f6rben kell apr\u00f3bb [&hellip;]<\/p>\n","protected":false},"author":1,"featured_media":0,"parent":0,"menu_order":0,"comment_status":"closed","ping_status":"closed","template":"","meta":{"footnotes":""},"class_list":["post-310","page","type-page","status-publish","hentry"],"_links":{"self":[{"href":"https:\/\/bandimegoldja.hu\/index.php?rest_route=\/wp\/v2\/pages\/310","targetHints":{"allow":["GET"]}}],"collection":[{"href":"https:\/\/bandimegoldja.hu\/index.php?rest_route=\/wp\/v2\/pages"}],"about":[{"href":"https:\/\/bandimegoldja.hu\/index.php?rest_route=\/wp\/v2\/types\/page"}],"author":[{"embeddable":true,"href":"https:\/\/bandimegoldja.hu\/index.php?rest_route=\/wp\/v2\/users\/1"}],"replies":[{"embeddable":true,"href":"https:\/\/bandimegoldja.hu\/index.php?rest_route=%2Fwp%2Fv2%2Fcomments&post=310"}],"version-history":[{"count":8,"href":"https:\/\/bandimegoldja.hu\/index.php?rest_route=\/wp\/v2\/pages\/310\/revisions"}],"predecessor-version":[{"id":391,"href":"https:\/\/bandimegoldja.hu\/index.php?rest_route=\/wp\/v2\/pages\/310\/revisions\/391"}],"wp:attachment":[{"href":"https:\/\/bandimegoldja.hu\/index.php?rest_route=%2Fwp%2Fv2%2Fmedia&parent=310"}],"curies":[{"name":"wp","href":"https:\/\/api.w.org\/{rel}","templated":true}]}}